{"id":1900,"date":"2026-01-08T00:24:04","date_gmt":"2026-01-08T00:24:04","guid":{"rendered":"https:\/\/www.esuus.org\/denver\/?post_type=tribe_events&#038;p=1900"},"modified":"2026-01-08T20:39:44","modified_gmt":"2026-01-08T20:39:44","slug":"esu-denver-day-at-the-denver-art-museum","status":"publish","type":"tribe_events","link":"https:\/\/www.esuus.org\/denver\/event\/esu-denver-day-at-the-denver-art-museum\/","title":{"rendered":"ESU Denver Day at the Denver Art Museum"},"content":{"rendered":"<div  class=\"tribe-events-schedule tribe-clearfix\" >\n\t<h2 class=\"tribe-events-schedule__datetime\">\n\t\t<span class=\"tribe-events-schedule__date tribe-events-schedule__date--start\">\n\t\t\tJanuary 17\t\t<\/span>\n\n\t\t\t\t\t<span class=\"tribe-events-schedule__separator tribe-events-schedule__separator--date\">\n\t\t\t\t @ \t\t\t<\/span>\n\t\t\t<span class=\"tribe-events-schedule__time tribe-events-schedule__time--start\">\n\t\t\t\t2:00 pm\t\t\t<\/span>\n\t\t\n\t\t\t<\/h2>\n<\/div>\n\n\n\n<p>Join the ESU Denver Branch Board of Directors after its meeting on Saturday, January 17, 2026, for a visit to the Denver Art Museum! We have tickets for a docent-led tour of The Honest Eye: Camille Pissarro\u2019s Impressionism, starting at 2 PM, with arrival and check-in at 1:45 PM.<\/p>\n\n\n\n<p><strong>YOUR DISCOUNTED TICKET COST IS $20.00 PER PERSON.<\/strong><\/p>\n\n\n\n<p>We will meet at Pint&#8217;s Pub, 221 W 13th Ave, at noon for lunch before we go to the museum. Lunch will be on your own. To reserve a ticket, call 303-755-1752 or email <a href=\"denver@esuus.org\">denver@esuus.org<\/a>.<\/p>\n\n\n\n<figure class=\"wp-block-image size-full\"><img loading=\"lazy\" decoding=\"async\" width=\"1200\" height=\"957\" src=\"https:\/\/www.esuus.org\/denver\/wp-content\/uploads\/sites\/12\/2026\/01\/View-from-my-Window.jpg\" alt=\"\" class=\"wp-image-1909\" srcset=\"https:\/\/www.esuus.org\/denver\/wp-content\/uploads\/sites\/12\/2026\/01\/View-from-my-Window.jpg 1200w, https:\/\/www.esuus.org\/denver\/wp-content\/uploads\/sites\/12\/2026\/01\/View-from-my-Window-300x239.jpg 300w, https:\/\/www.esuus.org\/denver\/wp-content\/uploads\/sites\/12\/2026\/01\/View-from-my-Window-1024x817.jpg 1024w, https:\/\/www.esuus.org\/denver\/wp-content\/uploads\/sites\/12\/2026\/01\/View-from-my-Window-768x612.jpg 768w\" sizes=\"auto, (max-width: 1200px) 100vw, 1200px\" \/><\/figure>\n\n\n\n<p>Camille Pissarro,\u00a0<em>View from my Window, \u00c9ragny (Vue de ma fen\u00eatre, \u00c9ragny),\u00a0<\/em>1886. Oil on canvas; 25 5\/8 \u00d7 31 7\/8 in. Ashmolean Museum of Art and Archaeology, Oxford: Presented by Mrs. Lucien Pissarro, 1950. Image courtesy akg-images<\/p>\n\n\n<div  class=\"tribe-block tribe-block__event-price\" >\n\t\t\t<span class=\"tribe-block__event-price__cost\"> $20 <\/span>\n\t\t<\/div>\n\n\n\n\n<div  class=\"tribe-block tribe-block__venue tribe-clearfix tribe-block__venue--has-map\" >\n\t\n\t\n<div class=\"tribe-block__venue__meta\">\n\t<div class=\"tribe-block__venue__name\">\n\t\t<h3><a href=\"https:\/\/www.esuus.org\/denver\/venue\/\" title=\"Denver Art Museum\">Denver Art Museum<\/a><\/h3>\n\t<\/div>\n\n\t\n\t\t\t<address class=\"tribe-block__venue__address\">\n\t\t\t<span class=\"tribe-address\">\n\n<span class=\"tribe-street-address\">100 W 14th Ave Pkwy<\/span>\n\t\n\t\t<br>\n\t\t<span class=\"tribe-locality\">Denver<\/span><span class=\"tribe-delimiter\">,<\/span>\n\n\t<abbr class=\"tribe-region tribe-events-abbr\" title=\"Colorado\">Colorado<\/abbr>\n\n\t<span class=\"tribe-postal-code\">80204<\/span>\n\n\t<span class=\"tribe-country-name\">United States<\/span>\n\n<\/span>\n\n\t\t\t\t\t\t\t<a class=\"tribe-events-gmap\" href=\"https:\/\/maps.google.com\/maps?f=q&#038;source=s_q&#038;hl=en&#038;geocode=&#038;q=100+W+14th+Ave+Pkwy+Denver+Colorado+80204+United+States\" title=\"Click to view a Google Map\" target=\"_blank\" rel=\"noreferrer noopener\">+ Google Map<\/a>\t\t\t\t\t<\/address>\n\t\n\t\n\t\n\t<\/div>\n\t\n<div class=\"tribe-block__venue__map\">\n\t\n<iframe loading=\"lazy\"\n  title=\"Google maps iframe displaying the address to Denver Art Museum\"\n  aria-label=\"Venue location map\"\n  width=\"310px\"\n  height=\"256px\"\n  frameborder=\"0\" style=\"border:0\"\n  src=\"https:\/\/www.google.com\/maps\/embed\/v1\/place?key=AIzaSyDNsicAsP6-VuGtAb1O9riI3oc_NOb7IOU&#038;q=100+W+14th+Ave+Pkwy+Denver+Colorado+Colorado+80204+United+States+&#038;zoom=10\" allowfullscreen>\n<\/iframe>\n<\/div>\n\n\t<\/div>\n\n\n\n\n\t<div  class=\"tribe-block tribe-block__events-link\" >\n\t\t<div class=\"tribe-events tribe-common\">\n\t\t\t<div class=\"tribe-events-c-subscribe-dropdown__container\">\n\t\t\t\t<div class=\"tribe-events-c-subscribe-dropdown\">\n\t\t\t\t\t<div class=\"tribe-common-c-btn-border tribe-events-c-subscribe-dropdown__button\">\n\t\t\t\t\t\t<svg  class=\"tribe-common-c-svgicon tribe-common-c-svgicon--cal-export tribe-events-c-subscribe-dropdown__export-icon\"  viewBox=\"0 0 23 17\" xmlns=\"http:\/\/www.w3.org\/2000\/svg\">\n  <path fill-rule=\"evenodd\" clip-rule=\"evenodd\" d=\"M.128.896V16.13c0 .211.145.383.323.383h15.354c.179 0 .323-.172.323-.383V.896c0-.212-.144-.383-.323-.383H.451C.273.513.128.684.128.896Zm16 6.742h-.901V4.679H1.009v10.729h14.218v-3.336h.901V7.638ZM1.01 1.614h14.218v2.058H1.009V1.614Z\" \/>\n  <path d=\"M20.5 9.846H8.312M18.524 6.953l2.89 2.909-2.855 2.855\" stroke-width=\"1.2\" stroke-linecap=\"round\" stroke-linejoin=\"round\"\/>\n<\/svg>\n\t\t\t\t\t\t<button\n\t\t\t\t\t\t\tclass=\"tribe-events-c-subscribe-dropdown__button-text\"\n\t\t\t\t\t\t\taria-expanded=\"false\"\n\t\t\t\t\t\t\taria-controls=\"tribe-events-subscribe-dropdown-content\"\n\t\t\t\t\t\t\taria-label=\"\"\n\t\t\t\t\t\t>\n\t\t\t\t\t\t\tAdd to calendar\t\t\t\t\t\t<\/button>\n\t\t\t\t\t\t<svg  class=\"tribe-common-c-svgicon tribe-common-c-svgicon--caret-down tribe-events-c-subscribe-dropdown__button-icon\"  viewBox=\"0 0 10 7\" xmlns=\"http:\/\/www.w3.org\/2000\/svg\" aria-hidden=\"true\"><path fill-rule=\"evenodd\" clip-rule=\"evenodd\" d=\"M1.008.609L5 4.6 8.992.61l.958.958L5 6.517.05 1.566l.958-.958z\" class=\"tribe-common-c-svgicon__svg-fill\"\/><\/svg>\n\t\t\t\t\t<\/div>\n\t\t\t\t\t<div id=\"tribe-events-subscribe-dropdown-content\" class=\"tribe-events-c-subscribe-dropdown__content\">\n\t\t\t\t\t\t<ul class=\"tribe-events-c-subscribe-dropdown__list\">\n\t\t\t\t\t\t\t\t\t\t\t\t\t\t\t<li class=\"tribe-events-c-subscribe-dropdown__list-item\">\n\t\t\t\t\t\t\t\t\t<a\n\t\t\t\t\t\t\t\t\t\thref=\"https:\/\/www.google.com\/calendar\/event?action=TEMPLATE&#038;dates=20260117T140000\/20260117T140000&#038;text=ESU%20Denver%20Day%20at%20the%20Denver%20Art%20Museum&#038;details=%3Cp%3EJoin+the+ESU+Denver+Branch+Board+of+Directors+after+its+meeting+on+Saturday%2C+January+17%2C+2026%2C+for+a+visit+to+the+Denver+Art+Museum%21+We+have+tickets+for+a+docent-led+tour+of+The+Honest+Eye%3A+Camille+Pissarro%E2%80%99s+Impressionism%2C+starting+at+2+PM%2C+with+arrival+and+check-in+at+1%3A45+PM.%3C%2Fp%3E+%3Cp%3E%3Cstrong%3EYOUR+DISCOUNTED+TICKET+COST+IS+%2420.00+PER+PERSON.%3C%2Fstrong%3E%3C%2Fp%3E+%3Cp%3EWe+will+meet+at+Pint%27s+Pub%2C+221+W+13th+Ave%2C+at+noon+for+lunch+before+we+go+to+the+museum.+Lunch+will+be+on+your+own.+To+reserve+a+ticket%2C+call+303-755-1752+or+email+%3Ca+href%3D%22denver%40esuus.org%22%3Edenver%40esuus.org%3C%2Fa%3E.%3C%2Fp%3E+%3Cfigure+class%3D%22wp-block-image+size-full%22%3E%3Cimg+src%3D%22https%3A%2F%2Fwww.esuus.org%2Fdenver%2Fwp-content%2Fuploads%2Fsites%2F12%2F2026%2F01%2FView-from-my-Window.jpg%22+alt%3D%22%22+class%3D%22wp-image-1909%22+%2F%3E%3C%2Ffigure%3E%3Cp%3ECamille+Pissarro%2C%C2%A0%3Cem%3EView+from+my+Window%2C+%C3%89ragny+%28Vue+de+ma+fen%C3%AAtre%2C+%C3%89ragny%29%2C%C2%A0%3C%2Fem%3E1886.+Oil+on+canvas%3B+25+5%2F8+%C3%97+31+7%2F8+in.+Ashmolean+Museum+of+Art+and+Archaeology%2C+Oxford%3A+Presented+by+Mrs.+Lucien+Piss%3C%2Fp%3E+%28View+Full+event+Description+Here%3A+https%3A%2F%2Fwww.esuus.org%2Fdenver%2Fevent%2Fesu-denver-day-at-the-denver-art-museum%2F%29&#038;location=Denver%20Art%20Museum,%20100%20W%2014th%20Ave%20Pkwy,%20Denver,%20Colorado,%2080204,%20United%20States&#038;trp=false&#038;ctz=UTC+0&#038;sprop=website:https:\/\/www.esuus.org\/denver\"\n\t\t\t\t\t\t\t\t\t\tclass=\"tribe-events-c-subscribe-dropdown__list-item-link\"\n\t\t\t\t\t\t\t\t\t\ttarget=\"_blank\"\n\t\t\t\t\t\t\t\t\t\trel=\"noopener noreferrer nofollow noindex\"\n\t\t\t\t\t\t\t\t\t>\n\t\t\t\t\t\t\t\t\t\tGoogle Calendar\t\t\t\t\t\t\t\t\t<\/a>\n\t\t\t\t\t\t\t\t<\/li>\n\t\t\t\t\t\t\t\t\t\t\t\t\t\t\t<li class=\"tribe-events-c-subscribe-dropdown__list-item\">\n\t\t\t\t\t\t\t\t\t<a\n\t\t\t\t\t\t\t\t\t\thref=\"\"\n\t\t\t\t\t\t\t\t\t\tclass=\"tribe-events-c-subscribe-dropdown__list-item-link\"\n\t\t\t\t\t\t\t\t\t\ttarget=\"_blank\"\n\t\t\t\t\t\t\t\t\t\trel=\"noopener noreferrer nofollow noindex\"\n\t\t\t\t\t\t\t\t\t>\n\t\t\t\t\t\t\t\t\t\tiCalendar\t\t\t\t\t\t\t\t\t<\/a>\n\t\t\t\t\t\t\t\t<\/li>\n\t\t\t\t\t\t\t\t\t\t\t\t\t\t\t<li class=\"tribe-events-c-subscribe-dropdown__list-item\">\n\t\t\t\t\t\t\t\t\t<a\n\t\t\t\t\t\t\t\t\t\thref=\"\"\n\t\t\t\t\t\t\t\t\t\tclass=\"tribe-events-c-subscribe-dropdown__list-item-link\"\n\t\t\t\t\t\t\t\t\t\ttarget=\"_blank\"\n\t\t\t\t\t\t\t\t\t\trel=\"noopener noreferrer nofollow noindex\"\n\t\t\t\t\t\t\t\t\t>\n\t\t\t\t\t\t\t\t\t\tOutlook 365\t\t\t\t\t\t\t\t\t<\/a>\n\t\t\t\t\t\t\t\t<\/li>\n\t\t\t\t\t\t\t\t\t\t\t\t\t\t\t<li class=\"tribe-events-c-subscribe-dropdown__list-item\">\n\t\t\t\t\t\t\t\t\t<a\n\t\t\t\t\t\t\t\t\t\thref=\"\"\n\t\t\t\t\t\t\t\t\t\tclass=\"tribe-events-c-subscribe-dropdown__list-item-link\"\n\t\t\t\t\t\t\t\t\t\ttarget=\"_blank\"\n\t\t\t\t\t\t\t\t\t\trel=\"noopener noreferrer nofollow noindex\"\n\t\t\t\t\t\t\t\t\t>\n\t\t\t\t\t\t\t\t\t\tOutlook Live\t\t\t\t\t\t\t\t\t<\/a>\n\t\t\t\t\t\t\t\t<\/li>\n\t\t\t\t\t\t\t\t\t\t\t\t\t<\/ul>\n\t\t\t\t\t<\/div>\n\t\t\t\t<\/div>\n\t\t\t<\/div>\n\t\t<\/div>\n\t<\/div>\n\n","protected":false},"excerpt":{"rendered":"Join the ESU Denver Branch Board of Directors after its meeting on Saturday, January 17, 2026, for a visit to the Denver Art Museum! We have tickets for a docent-led [&hellip;]","protected":false},"author":24,"featured_media":1908,"comment_status":"open","ping_status":"closed","template":"","meta":{"_acf_changed":false,"advgb_blocks_editor_width":"","advgb_blocks_columns_visual_guide":"","ngg_post_thumbnail":0,"_EventAllDay":false,"_EventTimezone":"UTC+0","_EventStartDate":"2026-01-17 14:00:00","_EventEndDate":"2026-01-17 14:00:00","_EventStartDateUTC":"2026-01-17 14:00:00","_EventEndDateUTC":"2026-01-17 14:00:00","_EventShowMap":false,"_EventShowMapLink":false,"_EventURL":"","_EventCost":"20","_EventCostDescription":"","_EventCurrencySymbol":"$","_EventCurrencyCode":"USD","_EventCurrencyPosition":"prefix","_EventDateTimeSeparator":" @ ","_EventTimeRangeSeparator":" - ","_EventOrganizerID":[],"_EventVenueID":[1485],"_OrganizerEmail":"","_OrganizerPhone":"","_OrganizerWebsite":"","_VenueAddress":"","_VenueCity":"","_VenueCountry":"","_VenueProvince":"","_VenueState":"","_VenueZip":"","_VenuePhone":"","_VenueURL":"","_VenueStateProvince":"","_VenueLat":"","_VenueLng":"","_VenueShowMap":false,"_VenueShowMapLink":false,"_tribe_events_status":"","_tribe_events_status_reason":"","footnotes":""},"tags":[],"tribe_events_cat":[],"class_list":["post-1900","tribe_events","type-tribe_events","status-publish","has-post-thumbnail","hentry"],"acf":[],"yoast_head":"<!-- This site is optimized with the Yoast SEO Premium plugin v24.2 (Yoast SEO v27.4) - https:\/\/yoast.com\/product\/yoast-seo-premium-wordpress\/ -->\n<title>ESU Denver Day at the Denver Art Museum - Denver<\/title>\n<meta name=\"robots\" content=\"index, follow, max-snippet:-1, max-image-preview:large, max-video-preview:-1\" \/>\n<link rel=\"canonical\" href=\"https:\/\/www.esuus.org\/denver\/event\/esu-denver-day-at-the-denver-art-museum\/\" \/>\n<meta property=\"og:locale\" content=\"en_US\" \/>\n<meta property=\"og:type\" content=\"article\" \/>\n<meta property=\"og:title\" content=\"ESU Denver Day at the Denver Art Museum\" \/>\n<meta property=\"og:description\" content=\"Join the ESU Denver Branch Board of Directors after its meeting on Saturday, January 17, 2026, for a visit to the Denver Art Museum! We have tickets for a docent-led [&hellip;]\" \/>\n<meta property=\"og:url\" content=\"https:\/\/www.esuus.org\/denver\/event\/esu-denver-day-at-the-denver-art-museum\/\" \/>\n<meta property=\"og:site_name\" content=\"Denver\" \/>\n<meta property=\"article:modified_time\" content=\"2026-01-08T20:39:44+00:00\" \/>\n<meta property=\"og:image\" content=\"https:\/\/www.esuus.org\/denver\/wp-content\/uploads\/sites\/12\/2026\/01\/Hoar-Frost.jpg\" \/>\n\t<meta property=\"og:image:width\" content=\"1200\" \/>\n\t<meta property=\"og:image:height\" content=\"840\" \/>\n\t<meta property=\"og:image:type\" content=\"image\/jpeg\" \/>\n<meta name=\"twitter:card\" content=\"summary_large_image\" \/>\n<meta name=\"twitter:label1\" content=\"Est. reading time\" \/>\n\t<meta name=\"twitter:data1\" content=\"1 minute\" \/>\n<script type=\"application\/ld+json\" class=\"yoast-schema-graph\">{\"@context\":\"https:\\\/\\\/schema.org\",\"@graph\":[{\"@type\":\"WebPage\",\"@id\":\"https:\\\/\\\/www.esuus.org\\\/denver\\\/event\\\/esu-denver-day-at-the-denver-art-museum\\\/\",\"url\":\"https:\\\/\\\/www.esuus.org\\\/denver\\\/event\\\/esu-denver-day-at-the-denver-art-museum\\\/\",\"name\":\"ESU Denver Day at the Denver Art Museum - Denver\",\"isPartOf\":{\"@id\":\"https:\\\/\\\/www.esuus.org\\\/denver\\\/#website\"},\"primaryImageOfPage\":{\"@id\":\"https:\\\/\\\/www.esuus.org\\\/denver\\\/event\\\/esu-denver-day-at-the-denver-art-museum\\\/#primaryimage\"},\"image\":{\"@id\":\"https:\\\/\\\/www.esuus.org\\\/denver\\\/event\\\/esu-denver-day-at-the-denver-art-museum\\\/#primaryimage\"},\"thumbnailUrl\":\"https:\\\/\\\/www.esuus.org\\\/denver\\\/wp-content\\\/uploads\\\/sites\\\/12\\\/2026\\\/01\\\/Hoar-Frost.jpg\",\"datePublished\":\"2026-01-08T00:24:04+00:00\",\"dateModified\":\"2026-01-08T20:39:44+00:00\",\"breadcrumb\":{\"@id\":\"https:\\\/\\\/www.esuus.org\\\/denver\\\/event\\\/esu-denver-day-at-the-denver-art-museum\\\/#breadcrumb\"},\"inLanguage\":\"en-US\",\"potentialAction\":[{\"@type\":\"ReadAction\",\"target\":[\"https:\\\/\\\/www.esuus.org\\\/denver\\\/event\\\/esu-denver-day-at-the-denver-art-museum\\\/\"]}]},{\"@type\":\"ImageObject\",\"inLanguage\":\"en-US\",\"@id\":\"https:\\\/\\\/www.esuus.org\\\/denver\\\/event\\\/esu-denver-day-at-the-denver-art-museum\\\/#primaryimage\",\"url\":\"https:\\\/\\\/www.esuus.org\\\/denver\\\/wp-content\\\/uploads\\\/sites\\\/12\\\/2026\\\/01\\\/Hoar-Frost.jpg\",\"contentUrl\":\"https:\\\/\\\/www.esuus.org\\\/denver\\\/wp-content\\\/uploads\\\/sites\\\/12\\\/2026\\\/01\\\/Hoar-Frost.jpg\",\"width\":1200,\"height\":840},{\"@type\":\"BreadcrumbList\",\"@id\":\"https:\\\/\\\/www.esuus.org\\\/denver\\\/event\\\/esu-denver-day-at-the-denver-art-museum\\\/#breadcrumb\",\"itemListElement\":[{\"@type\":\"ListItem\",\"position\":1,\"name\":\"Home\",\"item\":\"https:\\\/\\\/www.esuus.org\\\/denver\\\/\"},{\"@type\":\"ListItem\",\"position\":2,\"name\":\"Events\",\"item\":\"https:\\\/\\\/www.esuus.org\\\/denver\\\/events\\\/\"},{\"@type\":\"ListItem\",\"position\":3,\"name\":\"ESU Denver Day at the Denver Art Museum\"}]},{\"@type\":\"WebSite\",\"@id\":\"https:\\\/\\\/www.esuus.org\\\/denver\\\/#website\",\"url\":\"https:\\\/\\\/www.esuus.org\\\/denver\\\/\",\"name\":\"Denver\",\"description\":\"The English Speaking Union of the USA\",\"potentialAction\":[{\"@type\":\"SearchAction\",\"target\":{\"@type\":\"EntryPoint\",\"urlTemplate\":\"https:\\\/\\\/www.esuus.org\\\/denver\\\/?s={search_term_string}\"},\"query-input\":{\"@type\":\"PropertyValueSpecification\",\"valueRequired\":true,\"valueName\":\"search_term_string\"}}],\"inLanguage\":\"en-US\"}]}<\/script>\n<!-- \/ Yoast SEO Premium plugin. -->","yoast_head_json":{"title":"ESU Denver Day at the Denver Art Museum - Denver","robots":{"index":"index","follow":"follow","max-snippet":"max-snippet:-1","max-image-preview":"max-image-preview:large","max-video-preview":"max-video-preview:-1"},"canonical":"https:\/\/www.esuus.org\/denver\/event\/esu-denver-day-at-the-denver-art-museum\/","og_locale":"en_US","og_type":"article","og_title":"ESU Denver Day at the Denver Art Museum","og_description":"Join the ESU Denver Branch Board of Directors after its meeting on Saturday, January 17, 2026, for a visit to the Denver Art Museum! We have tickets for a docent-led [&hellip;]","og_url":"https:\/\/www.esuus.org\/denver\/event\/esu-denver-day-at-the-denver-art-museum\/","og_site_name":"Denver","article_modified_time":"2026-01-08T20:39:44+00:00","og_image":[{"width":1200,"height":840,"url":"https:\/\/www.esuus.org\/denver\/wp-content\/uploads\/sites\/12\/2026\/01\/Hoar-Frost.jpg","type":"image\/jpeg"}],"twitter_card":"summary_large_image","twitter_misc":{"Est. reading time":"1 minute"},"schema":{"@context":"https:\/\/schema.org","@graph":[{"@type":"WebPage","@id":"https:\/\/www.esuus.org\/denver\/event\/esu-denver-day-at-the-denver-art-museum\/","url":"https:\/\/www.esuus.org\/denver\/event\/esu-denver-day-at-the-denver-art-museum\/","name":"ESU Denver Day at the Denver Art Museum - Denver","isPartOf":{"@id":"https:\/\/www.esuus.org\/denver\/#website"},"primaryImageOfPage":{"@id":"https:\/\/www.esuus.org\/denver\/event\/esu-denver-day-at-the-denver-art-museum\/#primaryimage"},"image":{"@id":"https:\/\/www.esuus.org\/denver\/event\/esu-denver-day-at-the-denver-art-museum\/#primaryimage"},"thumbnailUrl":"https:\/\/www.esuus.org\/denver\/wp-content\/uploads\/sites\/12\/2026\/01\/Hoar-Frost.jpg","datePublished":"2026-01-08T00:24:04+00:00","dateModified":"2026-01-08T20:39:44+00:00","breadcrumb":{"@id":"https:\/\/www.esuus.org\/denver\/event\/esu-denver-day-at-the-denver-art-museum\/#breadcrumb"},"inLanguage":"en-US","potentialAction":[{"@type":"ReadAction","target":["https:\/\/www.esuus.org\/denver\/event\/esu-denver-day-at-the-denver-art-museum\/"]}]},{"@type":"ImageObject","inLanguage":"en-US","@id":"https:\/\/www.esuus.org\/denver\/event\/esu-denver-day-at-the-denver-art-museum\/#primaryimage","url":"https:\/\/www.esuus.org\/denver\/wp-content\/uploads\/sites\/12\/2026\/01\/Hoar-Frost.jpg","contentUrl":"https:\/\/www.esuus.org\/denver\/wp-content\/uploads\/sites\/12\/2026\/01\/Hoar-Frost.jpg","width":1200,"height":840},{"@type":"BreadcrumbList","@id":"https:\/\/www.esuus.org\/denver\/event\/esu-denver-day-at-the-denver-art-museum\/#breadcrumb","itemListElement":[{"@type":"ListItem","position":1,"name":"Home","item":"https:\/\/www.esuus.org\/denver\/"},{"@type":"ListItem","position":2,"name":"Events","item":"https:\/\/www.esuus.org\/denver\/events\/"},{"@type":"ListItem","position":3,"name":"ESU Denver Day at the Denver Art Museum"}]},{"@type":"WebSite","@id":"https:\/\/www.esuus.org\/denver\/#website","url":"https:\/\/www.esuus.org\/denver\/","name":"Denver","description":"The English Speaking Union of the USA","potentialAction":[{"@type":"SearchAction","target":{"@type":"EntryPoint","urlTemplate":"https:\/\/www.esuus.org\/denver\/?s={search_term_string}"},"query-input":{"@type":"PropertyValueSpecification","valueRequired":true,"valueName":"search_term_string"}}],"inLanguage":"en-US"}]}},"featured_img":"https:\/\/www.esuus.org\/denver\/wp-content\/uploads\/sites\/12\/2026\/01\/Hoar-Frost.jpg","coauthors":[],"author_meta":{"author_link":"https:\/\/www.esuus.org\/denver\/blog\/author\/bhaefner\/","display_name":"bhaefner"},"relative_dates":{"created":"Posted 4 months ago","modified":"Updated 4 months ago"},"absolute_dates":{"created":"Posted on January 8, 2026","modified":"Updated on January 8, 2026"},"absolute_dates_time":{"created":"Posted on January 8, 2026 12:24 am","modified":"Updated on January 8, 2026 8:39 pm"},"featured_img_caption":"","tax_additional":{"post_tag":{"linked":[],"unlinked":[],"slug":"post_tag","name":"Tags"},"tribe_events_cat":{"linked":[],"unlinked":[],"slug":"tribe_events_cat","name":"Event Categories"}},"series_order":"","_links":{"self":[{"href":"https:\/\/www.esuus.org\/denver\/wp-json\/wp\/v2\/tribe_events\/1900","targetHints":{"allow":["GET"]}}],"collection":[{"href":"https:\/\/www.esuus.org\/denver\/wp-json\/wp\/v2\/tribe_events"}],"about":[{"href":"https:\/\/www.esuus.org\/denver\/wp-json\/wp\/v2\/types\/tribe_events"}],"author":[{"embeddable":true,"href":"https:\/\/www.esuus.org\/denver\/wp-json\/wp\/v2\/users\/24"}],"replies":[{"embeddable":true,"href":"https:\/\/www.esuus.org\/denver\/wp-json\/wp\/v2\/comments?post=1900"}],"version-history":[{"count":0,"href":"https:\/\/www.esuus.org\/denver\/wp-json\/wp\/v2\/tribe_events\/1900\/revisions"}],"wp:featuredmedia":[{"embeddable":true,"href":"https:\/\/www.esuus.org\/denver\/wp-json\/wp\/v2\/media\/1908"}],"wp:attachment":[{"href":"https:\/\/www.esuus.org\/denver\/wp-json\/wp\/v2\/media?parent=1900"}],"wp:term":[{"taxonomy":"post_tag","embeddable":true,"href":"https:\/\/www.esuus.org\/denver\/wp-json\/wp\/v2\/tags?post=1900"},{"taxonomy":"tribe_events_cat","embeddable":true,"href":"https:\/\/www.esuus.org\/denver\/wp-json\/wp\/v2\/tribe_events_cat?post=1900"}],"curies":[{"name":"wp","href":"https:\/\/api.w.org\/{rel}","templated":true}]}}